{"id":20,"date":"2024-01-18T17:14:27","date_gmt":"2024-01-18T17:14:27","guid":{"rendered":"https:\/\/reformascatalin.com\/?page_id=20"},"modified":"2025-11-06T07:35:46","modified_gmt":"2025-11-06T07:35:46","slug":"inicio","status":"publish","type":"page","link":"https:\/\/reformascatalin.com\/","title":{"rendered":"Inicio"},"content":{"rendered":"<p>[et_pb_section fb_built=\u00bb1&#8243; fullwidth=\u00bbon\u00bb admin_label=\u00bbHeader\u00bb _builder_version=\u00bb4.23&#8243; background_enable_color=\u00bboff\u00bb background_image=\u00bbhttps:\/\/reformascatalin.com\/wp-content\/uploads\/2024\/01\/chalet1.jpeg\u00bb background_position=\u00bbbottom_center\u00bb background_vertical_offset=\u00bb6%\u00bb box_shadow_style=\u00bbpreset7&#8243; box_shadow_horizontal=\u00bb0px\u00bb box_shadow_vertical=\u00bb-80px\u00bb box_shadow_color=\u00bb#000000&#8243; global_colors_info=\u00bb{}\u00bb][et_pb_fullwidth_header title=\u00bbReformas e Interiorismo\u00bb subhead=\u00bbCalidad y Servicio\u00bb content_max_width=\u00bb700px\u00bb _builder_version=\u00bb4.23&#8243; title_font=\u00bbLibre Franklin|300|||||||\u00bb title_font_size=\u00bb55px\u00bb title_line_height=\u00bb1.2em\u00bb subhead_font=\u00bb|700|||||||\u00bb subhead_font_size=\u00bb64px\u00bb subhead_line_height=\u00bb1.2em\u00bb background_color=\u00bbrgba(0,0,0,0)\u00bb use_background_color_gradient=\u00bbon\u00bb background_color_gradient_type=\u00bbcircular\u00bb background_color_gradient_direction_radial=\u00bbright\u00bb background_color_gradient_stops=\u00bbrgba(0,0,0,0.5) 50%|rgba(0,0,0,0.9) 90%\u00bb background_color_gradient_start=\u00bbrgba(0,0,0,0.5)\u00bb background_color_gradient_start_position=\u00bb10%\u00bb background_color_gradient_end=\u00bbrgba(0,0,0,0.9)\u00bb background_color_gradient_end_position=\u00bb60%\u00bb background_enable_image=\u00bboff\u00bb background_position=\u00bbbottom_center\u00bb custom_button_one=\u00bbon\u00bb button_one_text_size=\u00bb14px\u00bb button_one_text_color=\u00bb#ffffff\u00bb button_one_bg_color=\u00bb#004ffe\u00bb button_one_border_width=\u00bb20px\u00bb button_one_border_color=\u00bbrgba(0,0,0,0)\u00bb button_one_border_radius=\u00bb0px\u00bb button_one_letter_spacing=\u00bb3px\u00bb button_one_font=\u00bbLibre Franklin|700||on|||||\u00bb button_one_icon=\u00bb&#x24;||divi||400&#8243; custom_button_two=\u00bbon\u00bb button_two_text_size=\u00bb14px\u00bb button_two_text_color=\u00bb#004ffe\u00bb button_two_bg_color=\u00bb#ffffff\u00bb button_two_border_width=\u00bb20px\u00bb button_two_border_color=\u00bbrgba(0,0,0,0)\u00bb button_two_border_radius=\u00bb0px\u00bb button_two_letter_spacing=\u00bb3px\u00bb button_two_font=\u00bbLibre Franklin|700||on|||||\u00bb button_two_icon=\u00bb&#x24;||divi||400&#8243; custom_margin=\u00bb||||false\u00bb custom_padding=\u00bb12vw||16vw||false\u00bb custom_padding_tablet=\u00bb80px||180px|\u00bb custom_padding_phone=\u00bb\u00bb custom_padding_last_edited=\u00bbon|phone\u00bb title_font_size_tablet=\u00bb54px\u00bb title_font_size_phone=\u00bb28px\u00bb title_font_size_last_edited=\u00bbon|phone\u00bb subhead_font_size_tablet=\u00bb54px\u00bb subhead_font_size_phone=\u00bb24px\u00bb subhead_font_size_last_edited=\u00bbon|phone\u00bb box_shadow_style_button_one=\u00bbpreset4&#8243; box_shadow_horizontal_button_one=\u00bb-20px\u00bb box_shadow_vertical_button_one=\u00bb-20px\u00bb box_shadow_spread_button_one=\u00bb-5px\u00bb box_shadow_color_button_one=\u00bbrgba(0,79,254,0.4)\u00bb box_shadow_style_button_two=\u00bbpreset4&#8243; box_shadow_horizontal_button_two=\u00bb20px\u00bb box_shadow_vertical_button_two=\u00bb20px\u00bb box_shadow_spread_button_two=\u00bb-5px\u00bb box_shadow_color_button_two=\u00bbrgba(255,255,255,0.2)\u00bb button_one_letter_spacing_hover=\u00bb3px\u00bb button_two_letter_spacing_hover=\u00bb3px\u00bb global_colors_info=\u00bb{}\u00bb button_one_text_size__hover_enabled=\u00bboff\u00bb button_two_text_size__hover_enabled=\u00bboff\u00bb button_one_text_color__hover_enabled=\u00bboff\u00bb button_two_text_color__hover_enabled=\u00bboff\u00bb button_one_border_width__hover_enabled=\u00bboff\u00bb button_two_border_width__hover_enabled=\u00bboff\u00bb button_one_border_color__hover_enabled=\u00bboff\u00bb button_two_border_color__hover_enabled=\u00bboff\u00bb button_one_border_radius__hover_enabled=\u00bboff\u00bb button_two_border_radius__hover_enabled=\u00bboff\u00bb button_one_letter_spacing__hover_enabled=\u00bbon\u00bb button_one_letter_spacing__hover=\u00bb3px\u00bb button_two_letter_spacing__hover_enabled=\u00bbon\u00bb button_two_letter_spacing__hover=\u00bb3px\u00bb button_one_bg_color__hover_enabled=\u00bboff\u00bb button_two_bg_color__hover_enabled=\u00bboff\u00bb][\/et_pb_fullwidth_header][\/et_pb_section][et_pb_section fb_built=\u00bb1&#8243; admin_label=\u00bbServices\u00bb _builder_version=\u00bb4.16&#8243; background_color=\u00bb#000000&#8243; custom_padding=\u00bb54px|0px|115px|0px|false|false\u00bb global_colors_info=\u00bb{}\u00bb][et_pb_row column_structure=\u00bb1_3,1_3,1_3&#8243; _builder_version=\u00bb4.16&#8243; global_colors_info=\u00bb{}\u00bb][et_pb_column type=\u00bb1_3&#8243; _builder_version=\u00bb4.16&#8243; custom_padding=\u00bb|||\u00bb global_colors_info=\u00bb{}\u00bb custom_padding__hover=\u00bb|||\u00bb][et_pb_blurb title=\u00bbSuelos Porcel\u00e1nicos\u00bb use_icon=\u00bbon\u00bb font_icon=\u00bb&#x39;||divi||400&#8243; icon_color=\u00bb#EDF000&#8243; icon_placement=\u00bbleft\u00bb _builder_version=\u00bb4.27.4&#8243; header_font=\u00bbLibre Franklin|600|||||||\u00bb header_line_height=\u00bb1.8em\u00bb body_font=\u00bb||||||||\u00bb body_line_height=\u00bb1.8em\u00bb background_layout=\u00bbdark\u00bb custom_margin=\u00bb|||\u00bb animation=\u00bboff\u00bb hover_enabled=\u00bb0&#8243; global_colors_info=\u00bb{}\u00bb sticky_enabled=\u00bb0&#8243;]<\/p>\n<p>Instalaci\u00f3n de suelos porcel\u00e1nicos de primera calidad.<\/p>\n<p>[\/et_pb_blurb][\/et_pb_column][et_pb_column type=\u00bb1_3&#8243; _builder_version=\u00bb4.16&#8243; custom_padding=\u00bb|||\u00bb global_colors_info=\u00bb{}\u00bb custom_padding__hover=\u00bb|||\u00bb][et_pb_blurb title=\u00bbSuelos de Tarima\u00bb use_icon=\u00bbon\u00bb font_icon=\u00bb&#x39;||divi||400&#8243; icon_color=\u00bb#EDF000&#8243; icon_placement=\u00bbleft\u00bb _builder_version=\u00bb4.23&#8243; header_font=\u00bbLibre Franklin|600|||||||\u00bb header_line_height=\u00bb1.8em\u00bb body_font=\u00bb||||||||\u00bb body_line_height=\u00bb1.8em\u00bb background_layout=\u00bbdark\u00bb custom_margin=\u00bb|||\u00bb animation=\u00bboff\u00bb locked=\u00bboff\u00bb global_colors_info=\u00bb{}\u00bb]<\/p>\n<p>Instalaci\u00f3n de sue\u00f1os de tarima.<\/p>\n<p>[\/et_pb_blurb][\/et_pb_column][et_pb_column type=\u00bb1_3&#8243; _builder_version=\u00bb4.16&#8243; custom_padding=\u00bb|||\u00bb global_colors_info=\u00bb{}\u00bb custom_padding__hover=\u00bb|||\u00bb][et_pb_blurb title=\u00bbAlicatar paredes\u00bb use_icon=\u00bbon\u00bb font_icon=\u00bb&#x39;||divi||400&#8243; icon_color=\u00bb#EDF000&#8243; icon_placement=\u00bbleft\u00bb _builder_version=\u00bb4.27.4&#8243; header_font=\u00bbLibre Franklin|600|||||||\u00bb header_line_height=\u00bb1.8em\u00bb body_font=\u00bb||||||||\u00bb body_line_height=\u00bb1.8em\u00bb background_layout=\u00bbdark\u00bb custom_margin=\u00bb|||\u00bb animation=\u00bboff\u00bb hover_enabled=\u00bb0&#8243; locked=\u00bboff\u00bb global_colors_info=\u00bb{}\u00bb sticky_enabled=\u00bb0&#8243;]<\/p>\n<p>Alicatado y rectificado de las paredes de tu ba\u00f1o o cocina.<\/p>\n<p>[\/et_pb_blurb][\/et_pb_column][\/et_pb_row][et_pb_row column_structure=\u00bb1_3,1_3,1_3&#8243; _builder_version=\u00bb4.16&#8243; global_colors_info=\u00bb{}\u00bb][et_pb_column type=\u00bb1_3&#8243; _builder_version=\u00bb4.16&#8243; custom_padding=\u00bb|||\u00bb global_colors_info=\u00bb{}\u00bb custom_padding__hover=\u00bb|||\u00bb][et_pb_blurb title=\u00bbPladur\u00bb use_icon=\u00bbon\u00bb font_icon=\u00bb&#x39;||divi||400&#8243; icon_color=\u00bb#EDF000&#8243; icon_placement=\u00bbleft\u00bb _builder_version=\u00bb4.27.4&#8243; header_font=\u00bbLibre Franklin|600|||||||\u00bb header_line_height=\u00bb1.8em\u00bb body_font=\u00bb||||||||\u00bb body_line_height=\u00bb1.8em\u00bb background_layout=\u00bbdark\u00bb custom_margin=\u00bb|||\u00bb animation=\u00bboff\u00bb global_colors_info=\u00bb{}\u00bb]<\/p>\n<p>Hacemos perfectamente cualquier trabajo en pladur.<\/p>\n<p>[\/et_pb_blurb][\/et_pb_column][et_pb_column type=\u00bb1_3&#8243; _builder_version=\u00bb4.16&#8243; custom_padding=\u00bb|||\u00bb global_colors_info=\u00bb{}\u00bb custom_padding__hover=\u00bb|||\u00bb][et_pb_blurb title=\u00bbPapel pintado\u00bb use_icon=\u00bbon\u00bb font_icon=\u00bb&#x39;||divi||400&#8243; icon_color=\u00bb#EDF000&#8243; icon_placement=\u00bbleft\u00bb _builder_version=\u00bb4.23&#8243; header_font=\u00bbLibre Franklin|600|||||||\u00bb header_line_height=\u00bb1.8em\u00bb body_font=\u00bb||||||||\u00bb body_line_height=\u00bb1.8em\u00bb background_layout=\u00bbdark\u00bb custom_margin=\u00bb|||\u00bb animation=\u00bboff\u00bb locked=\u00bboff\u00bb global_colors_info=\u00bb{}\u00bb]<\/p>\n<p>Colocaci\u00f3n de papel pintado.<\/p>\n<p>[\/et_pb_blurb][\/et_pb_column][et_pb_column type=\u00bb1_3&#8243; _builder_version=\u00bb4.16&#8243; custom_padding=\u00bb|||\u00bb global_colors_info=\u00bb{}\u00bb custom_padding__hover=\u00bb|||\u00bb][et_pb_blurb title=\u00bbPaneles solares\u00bb use_icon=\u00bbon\u00bb font_icon=\u00bb&#x39;||divi||400&#8243; icon_color=\u00bb#EDF000&#8243; icon_placement=\u00bbleft\u00bb _builder_version=\u00bb4.23&#8243; header_font=\u00bbLibre Franklin|600|||||||\u00bb header_line_height=\u00bb1.8em\u00bb body_font=\u00bb||||||||\u00bb body_line_height=\u00bb1.8em\u00bb background_layout=\u00bbdark\u00bb custom_margin=\u00bb|||\u00bb animation=\u00bboff\u00bb locked=\u00bboff\u00bb global_colors_info=\u00bb{}\u00bb]<\/p>\n<p>Instalaci\u00f3n completa de paneles solares homologados..<\/p>\n<p>[\/et_pb_blurb][\/et_pb_column][\/et_pb_row][et_pb_row column_structure=\u00bb1_3,1_3,1_3&#8243; _builder_version=\u00bb4.16&#8243; global_colors_info=\u00bb{}\u00bb][et_pb_column type=\u00bb1_3&#8243; _builder_version=\u00bb4.16&#8243; custom_padding=\u00bb|||\u00bb global_colors_info=\u00bb{}\u00bb custom_padding__hover=\u00bb|||\u00bb][et_pb_blurb title=\u00bbElectricidad\u00bb use_icon=\u00bbon\u00bb font_icon=\u00bb&#x39;||divi||400&#8243; icon_color=\u00bb#EDF000&#8243; icon_placement=\u00bbleft\u00bb _builder_version=\u00bb4.23&#8243; header_font=\u00bbLibre Franklin|600|||||||\u00bb header_line_height=\u00bb1.8em\u00bb body_font=\u00bb||||||||\u00bb body_line_height=\u00bb1.8em\u00bb background_layout=\u00bbdark\u00bb custom_margin=\u00bb|||\u00bb animation=\u00bboff\u00bb global_colors_info=\u00bb{}\u00bb]<\/p>\n<p>Cualquier urgencia o reforma del sistema el\u00e9ctrico lo acatamos sin problema.<\/p>\n<p>[\/et_pb_blurb][\/et_pb_column][et_pb_column type=\u00bb1_3&#8243; _builder_version=\u00bb4.16&#8243; custom_padding=\u00bb|||\u00bb global_colors_info=\u00bb{}\u00bb custom_padding__hover=\u00bb|||\u00bb][et_pb_blurb title=\u00bbPintar\u00bb use_icon=\u00bbon\u00bb font_icon=\u00bb&#x39;||divi||400&#8243; icon_color=\u00bb#EDF000&#8243; icon_placement=\u00bbleft\u00bb _builder_version=\u00bb4.23&#8243; header_font=\u00bbLibre Franklin|600|||||||\u00bb header_line_height=\u00bb1.8em\u00bb body_font=\u00bb||||||||\u00bb body_line_height=\u00bb1.8em\u00bb background_layout=\u00bbdark\u00bb custom_margin=\u00bb|||\u00bb animation=\u00bboff\u00bb locked=\u00bboff\u00bb global_colors_info=\u00bb{}\u00bb]<\/p>\n<p>Trabajos de pintura interior o exterior, somos r\u00e1pidos y limpios..<\/p>\n<p>[\/et_pb_blurb][\/et_pb_column][et_pb_column type=\u00bb1_3&#8243; _builder_version=\u00bb4.16&#8243; custom_padding=\u00bb|||\u00bb global_colors_info=\u00bb{}\u00bb custom_padding__hover=\u00bb|||\u00bb][et_pb_blurb title=\u00bbFontaner\u00eda\u00bb use_icon=\u00bbon\u00bb font_icon=\u00bb&#x39;||divi||400&#8243; icon_color=\u00bb#EDF000&#8243; icon_placement=\u00bbleft\u00bb _builder_version=\u00bb4.23&#8243; header_font=\u00bbLibre Franklin|600|||||||\u00bb header_line_height=\u00bb1.8em\u00bb body_font=\u00bb||||||||\u00bb body_line_height=\u00bb1.8em\u00bb background_layout=\u00bbdark\u00bb custom_margin=\u00bb|||\u00bb animation=\u00bboff\u00bb locked=\u00bboff\u00bb global_colors_info=\u00bb{}\u00bb]<\/p>\n<p>Ba\u00f1os, cocinas&#8230; Podemos instalarte cualquier pieza de fontaner\u00eda con la que sue\u00f1es.<\/p>\n<p>[\/et_pb_blurb][\/et_pb_column][\/et_pb_row][et_pb_row column_structure=\u00bb1_3,1_3,1_3&#8243; _builder_version=\u00bb4.16&#8243; global_colors_info=\u00bb{}\u00bb][et_pb_column type=\u00bb1_3&#8243; _builder_version=\u00bb4.16&#8243; custom_padding=\u00bb|||\u00bb global_colors_info=\u00bb{}\u00bb custom_padding__hover=\u00bb|||\u00bb][et_pb_blurb title=\u00bbAlisado\u00bb use_icon=\u00bbon\u00bb font_icon=\u00bb&#x39;||divi||400&#8243; icon_color=\u00bb#EDF000&#8243; icon_placement=\u00bbleft\u00bb _builder_version=\u00bb4.23&#8243; header_font=\u00bbLibre Franklin|600|||||||\u00bb header_line_height=\u00bb1.8em\u00bb body_font=\u00bb||||||||\u00bb body_line_height=\u00bb1.8em\u00bb background_layout=\u00bbdark\u00bb custom_margin=\u00bb|||\u00bb animation=\u00bboff\u00bb global_colors_info=\u00bb{}\u00bb]<\/p>\n<p>Retiramos estucado y gotel\u00e9, trabajamos r\u00e1pido y limpio.<\/p>\n<p>[\/et_pb_blurb][\/et_pb_column][et_pb_column type=\u00bb1_3&#8243; _builder_version=\u00bb4.16&#8243; custom_padding=\u00bb|||\u00bb global_colors_info=\u00bb{}\u00bb custom_padding__hover=\u00bb|||\u00bb][et_pb_blurb title=\u00bbPuertas\u00bb use_icon=\u00bbon\u00bb font_icon=\u00bb&#x39;||divi||400&#8243; icon_color=\u00bb#EDF000&#8243; icon_placement=\u00bbleft\u00bb _builder_version=\u00bb4.23&#8243; header_font=\u00bbLibre Franklin|600|||||||\u00bb header_line_height=\u00bb1.8em\u00bb body_font=\u00bb||||||||\u00bb body_line_height=\u00bb1.8em\u00bb background_layout=\u00bbdark\u00bb custom_margin=\u00bb|||\u00bb animation=\u00bboff\u00bb locked=\u00bboff\u00bb global_colors_info=\u00bb{}\u00bb]<\/p>\n<p>Colocaci\u00f3n de puertas interiores o exteriores, tenemos un amplio cat\u00e1logo.<\/p>\n<p>[\/et_pb_blurb][\/et_pb_column][et_pb_column type=\u00bb1_3&#8243; _builder_version=\u00bb4.16&#8243; custom_padding=\u00bb|||\u00bb global_colors_info=\u00bb{}\u00bb custom_padding__hover=\u00bb|||\u00bb][et_pb_blurb title=\u00bbVentanas\u00bb use_icon=\u00bbon\u00bb font_icon=\u00bb&#x39;||divi||400&#8243; icon_color=\u00bb#EDF000&#8243; icon_placement=\u00bbleft\u00bb _builder_version=\u00bb4.23&#8243; header_font=\u00bbLibre Franklin|600|||||||\u00bb header_line_height=\u00bb1.8em\u00bb body_font=\u00bb||||||||\u00bb body_line_height=\u00bb1.8em\u00bb background_layout=\u00bbdark\u00bb custom_margin=\u00bb|||\u00bb animation=\u00bboff\u00bb locked=\u00bboff\u00bb global_colors_info=\u00bb{}\u00bb]<\/p>\n<p>Colocaci\u00f3n de ventanas de cualquier tipo, en nuestros cat\u00e1logos seguro que tenemos lo que buscas..<\/p>\n<p>[\/et_pb_blurb][\/et_pb_column][\/et_pb_row][\/et_pb_section][et_pb_section fb_built=\u00bb1&#8243; admin_label=\u00bbAbout Section\u00bb _builder_version=\u00bb4.23&#8243; background_color=\u00bb#bab300&#8243; background_image=\u00bbhttps:\/\/reformascatalin.com\/wp-content\/uploads\/2024\/01\/electrician_19.png\u00bb background_position=\u00bbtop_center\u00bb custom_padding=\u00bb0px||0px||true\u00bb global_colors_info=\u00bb{}\u00bb][et_pb_row column_structure=\u00bb2_3,1_3&#8243; padding_top_bottom_link_1=\u00bbfalse\u00bb padding_left_right_link_1=\u00bbtrue\u00bb _builder_version=\u00bb4.16&#8243; width=\u00bb100%\u00bb max_width=\u00bb100%\u00bb custom_margin=\u00bb-1px|auto||auto||\u00bb custom_padding=\u00bb0px||0||false|false\u00bb use_custom_width=\u00bbon\u00bb width_unit=\u00bboff\u00bb custom_width_percent=\u00bb100%\u00bb global_colors_info=\u00bb{}\u00bb][et_pb_column type=\u00bb2_3&#8243; _builder_version=\u00bb4.16&#8243; custom_padding=\u00bb120px|8%||8%\u00bb custom_padding_tablet=\u00bb40px|||\u00bb custom_padding_phone=\u00bb40px|||\u00bb custom_padding_last_edited=\u00bbon|tablet\u00bb global_colors_info=\u00bb{}\u00bb padding_tablet=\u00bb40px|||\u00bb padding_last_edited=\u00bbon|tablet\u00bb custom_padding__hover=\u00bb|||\u00bb padding_phone=\u00bb40px|||\u00bb][et_pb_image src=\u00bbhttps:\/\/reformascatalin.com\/wp-content\/uploads\/2024\/01\/electrician_09.png\u00bb _builder_version=\u00bb4.16&#8243; custom_margin=\u00bb||4px|\u00bb animation_style=\u00bbfold\u00bb animation_direction=\u00bbtop\u00bb always_center_on_mobile=\u00bboff\u00bb locked=\u00bboff\u00bb global_colors_info=\u00bb{}\u00bb][\/et_pb_image][et_pb_text _builder_version=\u00bb4.16&#8243; text_font=\u00bb||||||||\u00bb header_font=\u00bb||||||||\u00bb header_2_font=\u00bbLibre Franklin|300|||||||\u00bb header_2_text_color=\u00bb#000000&#8243; header_2_font_size=\u00bb48px\u00bb header_2_line_height=\u00bb1.4em\u00bb header_2_font_size_tablet=\u00bb42px\u00bb header_2_font_size_phone=\u00bb32px\u00bb header_2_font_size_last_edited=\u00bbon|phone\u00bb locked=\u00bboff\u00bb global_colors_info=\u00bb{}\u00bb]<\/p>\n<h2>\u00bfPor qu\u00e9 somos perfectos para tu reforma?<\/h2>\n<p>[\/et_pb_text][et_pb_text _builder_version=\u00bb4.23&#8243; text_font=\u00bb||||||||\u00bb text_text_color=\u00bb#000000&#8243; text_font_size=\u00bb17px\u00bb text_line_height=\u00bb1.8em\u00bb header_font=\u00bb||||||||\u00bb max_width=\u00bb600px\u00bb custom_margin=\u00bb||60px|100px\u00bb custom_margin_tablet=\u00bb|||0px\u00bb custom_margin_phone=\u00bb\u00bb custom_margin_last_edited=\u00bbon|desktop\u00bb locked=\u00bboff\u00bb global_colors_info=\u00bb{}\u00bb]<\/p>\n<p class=\"qode-iwoi-text\">Reformas Catalin ofrece una soluci\u00f3n integral a todas las necesidades del proceso de reforma o construcci\u00f3n de obra nueva: desde el dise\u00f1o del proyecto hasta la finalizaci\u00f3n y entrega de la obra. Para su comodidad, en Reformas Catalin gestionamos todos los tr\u00e1mites necesarios para hacer realidad su proyecto. Asimismo, contamos con el personal m\u00e1s cualificado para llevar a cabo rehabilitaciones de edificios antiguos e hist\u00f3ricos, as\u00ed como reformas de viviendas, locales comerciales y oficinas y, por supuesto, proyectos de nueva construcci\u00f3n. Fieles a nuestra filosof\u00eda, estamos a la vanguardia del interiorismo en Zaragoza, pues dise\u00f1amos interiores en todo tipo de estilos, especialmente, siguiendo las tendencias actuales de decoraci\u00f3n y arquitectura.<\/p>\n<p>&nbsp;<\/p>\n<p>[\/et_pb_text][\/et_pb_column][et_pb_column type=\u00bb1_3&#8243; _builder_version=\u00bb4.16&#8243; custom_padding=\u00bb|||\u00bb custom_padding_tablet=\u00bb|||\u00bb custom_padding_phone=\u00bb|||\u00bb custom_padding_last_edited=\u00bboff|desktop\u00bb global_colors_info=\u00bb{}\u00bb padding_phone=\u00bb|||\u00bb padding_tablet=\u00bb|||\u00bb padding_last_edited=\u00bboff|desktop\u00bb custom_padding__hover=\u00bb|||\u00bb][et_pb_image src=\u00bbhttps:\/\/reformascatalin.com\/wp-content\/uploads\/2024\/01\/electrician_26.jpg\u00bb align_tablet=\u00bbcenter\u00bb align_phone=\u00bbcenter\u00bb align_last_edited=\u00bbon|desktop\u00bb _builder_version=\u00bb4.16&#8243; use_background_color_gradient=\u00bbon\u00bb background_color_gradient_direction=\u00bb225deg\u00bb background_color_gradient_stops=\u00bbrgba(0,0,0,0) 70%|#ffffff 70%\u00bb background_color_gradient_start=\u00bbrgba(0,0,0,0)\u00bb background_color_gradient_start_position=\u00bb70%\u00bb background_color_gradient_end=\u00bb#ffffff\u00bb background_color_gradient_end_position=\u00bb70%\u00bb custom_padding=\u00bb||30px|30px||false\u00bb animation_style=\u00bbzoom\u00bb animation_intensity_zoom=\u00bb2%\u00bb box_shadow_style=\u00bbpreset1&#8243; box_shadow_vertical=\u00bb50px\u00bb box_shadow_blur=\u00bb100px\u00bb locked=\u00bboff\u00bb global_colors_info=\u00bb{}\u00bb][\/et_pb_image][\/et_pb_column][\/et_pb_row][\/et_pb_section][et_pb_section fb_built=\u00bb1&#8243; admin_label=\u00bbServices\u00bb _builder_version=\u00bb4.16&#8243; background_color=\u00bb#000000&#8243; custom_padding=\u00bb54px|0px|115px|0px|false|false\u00bb locked=\u00bboff\u00bb global_colors_info=\u00bb{}\u00bb][et_pb_row column_structure=\u00bb1_3,1_3,1_3&#8243; _builder_version=\u00bb4.23&#8243; global_colors_info=\u00bb{}\u00bb][et_pb_column type=\u00bb1_3&#8243; _builder_version=\u00bb4.16&#8243; custom_padding=\u00bb|||\u00bb global_colors_info=\u00bb{}\u00bb custom_padding__hover=\u00bb|||\u00bb][et_pb_blurb title=\u00bbReforma de Ba\u00f1os\u00bb use_icon=\u00bbon\u00bb font_icon=\u00bb&#x5a;||divi||400&#8243; icon_color=\u00bb#EDF000&#8243; icon_placement=\u00bbleft\u00bb _builder_version=\u00bb4.23&#8243; header_font=\u00bbLibre Franklin|600|||||||\u00bb header_line_height=\u00bb1.8em\u00bb body_font=\u00bb||||||||\u00bb body_line_height=\u00bb1.8em\u00bb background_layout=\u00bbdark\u00bb custom_margin=\u00bb|||\u00bb animation=\u00bboff\u00bb global_colors_info=\u00bb{}\u00bb]<\/p>\n<p>\u00bfCansado del aspecto de tu ba\u00f1o?, \u00bfDeseas darle un cambio radical o solo modificar esas cosas que no te agradan?, pues no lo piense m\u00e1s, en Reformas Catalin tenemos todo lo que est\u00e1s buscando.<\/p>\n<p>[\/et_pb_blurb][\/et_pb_column][et_pb_column type=\u00bb1_3&#8243; _builder_version=\u00bb4.16&#8243; custom_padding=\u00bb|||\u00bb global_colors_info=\u00bb{}\u00bb custom_padding__hover=\u00bb|||\u00bb][et_pb_blurb title=\u00bbReforma de Cocinas\u00bb use_icon=\u00bbon\u00bb font_icon=\u00bb&#x5a;||divi||400&#8243; icon_color=\u00bb#EDF000&#8243; icon_placement=\u00bbleft\u00bb _builder_version=\u00bb4.23&#8243; header_font=\u00bbLibre Franklin|600|||||||\u00bb header_line_height=\u00bb1.8em\u00bb body_font=\u00bb||||||||\u00bb body_line_height=\u00bb1.8em\u00bb background_layout=\u00bbdark\u00bb custom_margin=\u00bb|||\u00bb animation=\u00bboff\u00bb locked=\u00bboff\u00bb global_colors_info=\u00bb{}\u00bb]<\/p>\n<p>En Reformas Catalin tenemos todo lo que deseas para hacer tu cocina el lugar de tus sue\u00f1os \u00bfEres de los que hace de su cocina su lugar ideal dentro del hogar? \u00bfDeseas darle un toque moderno y audaz? \u00bfO quiz\u00e1s m\u00e1s cl\u00e1sico?<\/p>\n<p>[\/et_pb_blurb][\/et_pb_column][et_pb_column type=\u00bb1_3&#8243; _builder_version=\u00bb4.16&#8243; custom_padding=\u00bb|||\u00bb global_colors_info=\u00bb{}\u00bb custom_padding__hover=\u00bb|||\u00bb][et_pb_blurb title=\u00bbObra Nueva\u00bb use_icon=\u00bbon\u00bb font_icon=\u00bb&#x5a;||divi||400&#8243; icon_color=\u00bb#EDF000&#8243; icon_placement=\u00bbleft\u00bb _builder_version=\u00bb4.23&#8243; header_font=\u00bbLibre Franklin|600|||||||\u00bb header_line_height=\u00bb1.8em\u00bb body_font=\u00bb||||||||\u00bb body_line_height=\u00bb1.8em\u00bb background_layout=\u00bbdark\u00bb custom_margin=\u00bb|||\u00bb animation=\u00bboff\u00bb locked=\u00bboff\u00bb global_colors_info=\u00bb{}\u00bb]<\/p>\n<p><span>Reformas Catalin es una empresa de reformas en Zaragoza<\/span><a href=\"https:\/\/reformasorce.es\/\"><\/a><span>, especialista tanto en reformas integrales en Zaragoza<\/span><span>\u00a0como obra nueva.<\/span><\/p>\n<p>[\/et_pb_blurb][\/et_pb_column][\/et_pb_row][et_pb_row column_structure=\u00bb1_3,1_3,1_3&#8243; _builder_version=\u00bb4.16&#8243; global_colors_info=\u00bb{}\u00bb][et_pb_column type=\u00bb1_3&#8243; _builder_version=\u00bb4.16&#8243; custom_padding=\u00bb|||\u00bb global_colors_info=\u00bb{}\u00bb custom_padding__hover=\u00bb|||\u00bb][et_pb_blurb title=\u00bbReformas Integrales\u00bb use_icon=\u00bbon\u00bb font_icon=\u00bb&#x5a;||divi||400&#8243; icon_color=\u00bb#EDF000&#8243; icon_placement=\u00bbleft\u00bb _builder_version=\u00bb4.23&#8243; header_font=\u00bbLibre Franklin|600|||||||\u00bb header_line_height=\u00bb1.8em\u00bb body_font=\u00bb||||||||\u00bb body_line_height=\u00bb1.8em\u00bb background_layout=\u00bbdark\u00bb custom_margin=\u00bb|||\u00bb animation=\u00bboff\u00bb global_colors_info=\u00bb{}\u00bb]<\/p>\n<p><b><i>Reformas integrales de pisos o unifamiliares en Zaragoza. <\/i><\/b>\u00bfBuscas dar a tu hogar ese aspecto ideal que tanto has so\u00f1ado?, \u00bfHas pensado en solicitar asesor\u00eda profesional, que te ayuden de forma efectiva a llevar a cabo lo que tanto has so\u00f1ado? tenemos eso y m\u00e1s.<\/p>\n<p>[\/et_pb_blurb][\/et_pb_column][et_pb_column type=\u00bb1_3&#8243; _builder_version=\u00bb4.16&#8243; custom_padding=\u00bb|||\u00bb global_colors_info=\u00bb{}\u00bb custom_padding__hover=\u00bb|||\u00bb][et_pb_blurb title=\u00bbReforma de Oficinas\u00bb use_icon=\u00bbon\u00bb font_icon=\u00bb&#x5a;||divi||400&#8243; icon_color=\u00bb#EDF000&#8243; icon_placement=\u00bbleft\u00bb _builder_version=\u00bb4.23&#8243; header_font=\u00bbLibre Franklin|600|||||||\u00bb header_line_height=\u00bb1.8em\u00bb body_font=\u00bb||||||||\u00bb body_line_height=\u00bb1.8em\u00bb background_layout=\u00bbdark\u00bb custom_margin=\u00bb|||\u00bb animation=\u00bboff\u00bb locked=\u00bboff\u00bb global_colors_info=\u00bb{}\u00bb]<\/p>\n<p>Reforma de Oficinas en Zaragoza, \u00bfBuscas ofrecer a tu negocio u oficina ese aspecto profesional, limpio y acogedor que has imaginado? Lo que necesitas es nuestra ayuda profesional, avalada por muchos a\u00f1os de experiencia, en Reformas Catalin sabemos exactamente c\u00f3mo ayudarte.<\/p>\n<p>[\/et_pb_blurb][\/et_pb_column][et_pb_column type=\u00bb1_3&#8243; _builder_version=\u00bb4.16&#8243; custom_padding=\u00bb|||\u00bb global_colors_info=\u00bb{}\u00bb custom_padding__hover=\u00bb|||\u00bb][et_pb_blurb title=\u00bbReforma de Locales\u00bb use_icon=\u00bbon\u00bb font_icon=\u00bb&#x5a;||divi||400&#8243; icon_color=\u00bb#EDF000&#8243; icon_placement=\u00bbleft\u00bb _builder_version=\u00bb4.23&#8243; header_font=\u00bbLibre Franklin|600|||||||\u00bb header_line_height=\u00bb1.8em\u00bb body_font=\u00bb||||||||\u00bb body_line_height=\u00bb1.8em\u00bb background_layout=\u00bbdark\u00bb custom_margin=\u00bb|||\u00bb animation=\u00bboff\u00bb locked=\u00bboff\u00bb global_colors_info=\u00bb{}\u00bb]<\/p>\n<p>Nos destacamos por la ejecuci\u00f3n de reformas locales y locales en Zaragoza, en Reformas Catalin le ofrecemos un asesoramiento integral, que incluye todas las etapas para el desarrollo de cualquier proyecto. Desde el planteamiento de ideas, hasta la creaci\u00f3n, desarrollo y ejecuci\u00f3n del proyecto.<\/p>\n<p>[\/et_pb_blurb][\/et_pb_column][\/et_pb_row][et_pb_row column_structure=\u00bb1_3,1_3,1_3&#8243; _builder_version=\u00bb4.16&#8243; global_colors_info=\u00bb{}\u00bb][et_pb_column type=\u00bb1_3&#8243; _builder_version=\u00bb4.16&#8243; custom_padding=\u00bb|||\u00bb global_colors_info=\u00bb{}\u00bb custom_padding__hover=\u00bb|||\u00bb][et_pb_blurb title=\u00bbInteriorismo\u00bb use_icon=\u00bbon\u00bb font_icon=\u00bb&#x5a;||divi||400&#8243; icon_color=\u00bb#EDF000&#8243; icon_placement=\u00bbleft\u00bb _builder_version=\u00bb4.23&#8243; header_font=\u00bbLibre Franklin|600|||||||\u00bb header_line_height=\u00bb1.8em\u00bb body_font=\u00bb||||||||\u00bb body_line_height=\u00bb1.8em\u00bb background_layout=\u00bbdark\u00bb custom_margin=\u00bb|||\u00bb animation=\u00bboff\u00bb global_colors_info=\u00bb{}\u00bb]<\/p>\n<p><span>Nuestros expertos en decoraci\u00f3n de interiores en Zaragoza trabajar\u00e1n incansablemente junto a usted para vincular su estilo y personalidad con nuestra experiencia en dise\u00f1o. Nos aseguramos de que todo el proyecto se ejecute en el plazo de tiempo estipulado, utilizando materiales con los m\u00e1s altos est\u00e1ndares de calidad.<\/span><\/p>\n<p>[\/et_pb_blurb][\/et_pb_column][et_pb_column type=\u00bb1_3&#8243; _builder_version=\u00bb4.16&#8243; custom_padding=\u00bb|||\u00bb global_colors_info=\u00bb{}\u00bb custom_padding__hover=\u00bb|||\u00bb][et_pb_blurb title=\u00bbPaneles Solares\u00bb use_icon=\u00bbon\u00bb font_icon=\u00bb&#x5a;||divi||400&#8243; icon_color=\u00bb#EDF000&#8243; icon_placement=\u00bbleft\u00bb _builder_version=\u00bb4.23&#8243; header_font=\u00bbLibre Franklin|600|||||||\u00bb header_line_height=\u00bb1.8em\u00bb body_font=\u00bb||||||||\u00bb body_line_height=\u00bb1.8em\u00bb background_layout=\u00bbdark\u00bb custom_margin=\u00bb|||\u00bb animation=\u00bboff\u00bb locked=\u00bboff\u00bb global_colors_info=\u00bb{}\u00bb]<\/p>\n<p><span>Si est\u00e1s interesado en comprar placas solares y productir tu propia energ\u00eda, en Reformas Catalin<\/span><span>\u00a0nos podemos encargar de todo lo relacionado con<\/span><strong><span>\u00a0<\/span>las placas solares, con los<\/strong><span>\u00a0<\/span><strong>servicios de instalaci\u00f3n y asesoramiento as\u00ed como gesti\u00f3n de subvenciones<\/strong><span>. P\u00eddenos un presupuesto de paneles solares sin compromiso y empieza a producir tu propia energ\u00eda.\u00a0\u00a0<\/span><\/p>\n<p>[\/et_pb_blurb][\/et_pb_column][et_pb_column type=\u00bb1_3&#8243; _builder_version=\u00bb4.16&#8243; custom_padding=\u00bb|||\u00bb global_colors_info=\u00bb{}\u00bb custom_padding__hover=\u00bb|||\u00bb][et_pb_blurb title=\u00bbCasas Prefabricadas\u00bb use_icon=\u00bbon\u00bb font_icon=\u00bb&#x5a;||divi||400&#8243; icon_color=\u00bb#EDF000&#8243; icon_placement=\u00bbleft\u00bb _builder_version=\u00bb4.23&#8243; header_font=\u00bbLibre Franklin|600|||||||\u00bb header_line_height=\u00bb1.8em\u00bb body_font=\u00bb||||||||\u00bb body_line_height=\u00bb1.8em\u00bb background_layout=\u00bbdark\u00bb custom_margin=\u00bb|||\u00bb animation=\u00bboff\u00bb locked=\u00bboff\u00bb global_colors_info=\u00bb{}\u00bb]<\/p>\n<p><span>Las casas prefabricadas de hormig\u00f3n ofrecen una\u00a0<\/span><strong>alternativa r\u00e1pida y menos disruptiva<\/strong><span>\u00a0a la construcci\u00f3n tradicional, sin comprometer la calidad o el estilo. Estas viviendas se caracterizan por su capacidad para mantener un clima interior confortable, resistiendo eficazmente las altas temperaturas del verano en Arag\u00f3n y proporcionando un aislamiento \u00f3ptimo durante los meses m\u00e1s fr\u00edos.<\/span><\/p>\n<p>[\/et_pb_blurb][\/et_pb_column][\/et_pb_row][et_pb_row column_structure=\u00bb1_2,1_2&#8243; _builder_version=\u00bb4.23&#8243; global_colors_info=\u00bb{}\u00bb][et_pb_column type=\u00bb1_2&#8243; _builder_version=\u00bb4.16&#8243; custom_padding=\u00bb|||\u00bb global_colors_info=\u00bb{}\u00bb custom_padding__hover=\u00bb|||\u00bb][et_pb_blurb title=\u00bbLicencias de Obra\u00bb use_icon=\u00bbon\u00bb font_icon=\u00bb&#x5a;||divi||400&#8243; icon_color=\u00bb#EDF000&#8243; icon_placement=\u00bbleft\u00bb _builder_version=\u00bb4.23&#8243; header_font=\u00bbLibre Franklin|600|||||||\u00bb header_line_height=\u00bb1.8em\u00bb body_font=\u00bb||||||||\u00bb body_line_height=\u00bb1.8em\u00bb background_layout=\u00bbdark\u00bb custom_margin=\u00bb|||\u00bb animation=\u00bboff\u00bb global_colors_info=\u00bb{}\u00bb]<\/p>\n<p>Nuestra empresa se encarga y est\u00e1 al d\u00eda con todo lo referente a los permisos legales que exigen las partes interesadas al momento de realizar cualquier tipo de construcci\u00f3n o remodelaci\u00f3n en un piso.<\/p>\n<p>Por lo que, en Reformas Catalin, manejamos la tramitaci\u00f3n de la Licencia de Obra que permite dar comienzo al trabajo de reforma solicitado. No tendr\u00e1s de qu\u00e9 preocuparte, con nosotros tendr\u00e1s garant\u00eda de que est\u00e1s en el marco de la ley seg\u00fan tu localidad.<\/p>\n<p>[\/et_pb_blurb][\/et_pb_column][et_pb_column type=\u00bb1_2&#8243; _builder_version=\u00bb4.16&#8243; custom_padding=\u00bb|||\u00bb global_colors_info=\u00bb{}\u00bb custom_padding__hover=\u00bb|||\u00bb][et_pb_blurb title=\u00bbDemoliciones y Desescombros.\u00bb use_icon=\u00bbon\u00bb font_icon=\u00bb&#x5a;||divi||400&#8243; icon_color=\u00bb#EDF000&#8243; icon_placement=\u00bbleft\u00bb _builder_version=\u00bb4.23&#8243; header_font=\u00bbLibre Franklin|600|||||||\u00bb header_line_height=\u00bb1.8em\u00bb body_font=\u00bb||||||||\u00bb body_line_height=\u00bb1.8em\u00bb background_layout=\u00bbdark\u00bb custom_margin=\u00bb|||\u00bb animation=\u00bboff\u00bb locked=\u00bboff\u00bb global_colors_info=\u00bb{}\u00bb]<\/p>\n<p>Gracias a que nuestra empresa cuenta con el equipo y las herramientas necesarias para efectuar demoliciones, puedes estar plenamente seguro que no habr\u00e1 ning\u00fan inconveniente a la hora de eliminar y remover esos muros que no necesitas.<\/p>\n<p>Una vez que se ha derribado lo que sobra, se retirar\u00e1n los escombros y restos de material producto de la demolici\u00f3n.<\/p>\n<p>[\/et_pb_blurb][\/et_pb_column][\/et_pb_row][\/et_pb_section][et_pb_section fb_built=\u00bb1&#8243; admin_label=\u00bbTestimonials\u00bb _builder_version=\u00bb4.23&#8243; use_background_color_gradient=\u00bbon\u00bb background_color_gradient_direction=\u00bb135deg\u00bb background_color_gradient_stops=\u00bb#ffffff 80%|#b2a000 80%\u00bb background_color_gradient_start=\u00bb#ffffff\u00bb background_color_gradient_start_position=\u00bb80%\u00bb background_color_gradient_end=\u00bb#ffb400&#8243; background_color_gradient_end_position=\u00bb20%\u00bb custom_padding=\u00bb54px|0px|54px|0px|false|false\u00bb global_colors_info=\u00bb{}\u00bb][et_pb_row column_structure=\u00bb1_3,2_3&#8243; _builder_version=\u00bb4.16&#8243; locked=\u00bboff\u00bb global_colors_info=\u00bb{}\u00bb][et_pb_column type=\u00bb1_3&#8243; _builder_version=\u00bb4.16&#8243; custom_padding=\u00bb|||\u00bb global_colors_info=\u00bb{}\u00bb custom_padding__hover=\u00bb|||\u00bb][et_pb_image src=\u00bbhttps:\/\/reformascatalin.com\/wp-content\/uploads\/2024\/01\/electrician_21.png\u00bb _builder_version=\u00bb4.16&#8243; custom_margin=\u00bb||4px|\u00bb animation_style=\u00bbfold\u00bb animation_direction=\u00bbtop\u00bb always_center_on_mobile=\u00bboff\u00bb locked=\u00bboff\u00bb global_colors_info=\u00bb{}\u00bb][\/et_pb_image][et_pb_text _builder_version=\u00bb4.16&#8243; header_font=\u00bb||||||||\u00bb header_6_font=\u00bbLibre Franklin|600|||||||\u00bb header_6_text_color=\u00bb#000000&#8243; header_6_font_size=\u00bb18px\u00bb header_6_line_height=\u00bb1.8em\u00bb custom_margin=\u00bb|||\u00bb border_color_all=\u00bb#000000&#8243; border_width_bottom=\u00bb2px\u00bb locked=\u00bboff\u00bb global_colors_info=\u00bb{}\u00bb]<\/p>\n<h6>Testimonios<\/h6>\n<p>[\/et_pb_text][\/et_pb_column][et_pb_column type=\u00bb2_3&#8243; _builder_version=\u00bb4.16&#8243; custom_padding=\u00bb|||\u00bb global_colors_info=\u00bb{}\u00bb custom_padding__hover=\u00bb|||\u00bb][\/et_pb_column][\/et_pb_row][et_pb_row column_structure=\u00bb1_2,1_2&#8243; _builder_version=\u00bb4.16&#8243; global_colors_info=\u00bb{}\u00bb][et_pb_column type=\u00bb1_2&#8243; _builder_version=\u00bb4.16&#8243; custom_padding=\u00bb|||\u00bb global_colors_info=\u00bb{}\u00bb custom_padding__hover=\u00bb|||\u00bb][et_pb_testimonial author=\u00bbJ.Mart\u00edn\u00bb _builder_version=\u00bb4.23&#8243; body_font=\u00bb||||||||\u00bb body_font_size=\u00bb16px\u00bb body_line_height=\u00bb1.8em\u00bb background_color=\u00bbrgba(255,255,255,0.5)\u00bb custom_padding=\u00bb50px|50px|50px|50px|true|true\u00bb custom_padding_tablet=\u00bb\u00bb custom_padding_phone=\u00bb|24px||24px||true\u00bb custom_padding_last_edited=\u00bbon|phone\u00bb animation_style=\u00bbzoom\u00bb animation_intensity_zoom=\u00bb2%\u00bb box_shadow_style=\u00bbpreset1&#8243; box_shadow_color=\u00bbrgba(0,0,0,0.1)\u00bb global_colors_info=\u00bb{}\u00bb]<\/p>\n<p><span>Hemos quedado muy satisfechos\u00a0 con la reforma de nuestro piso. Desde el principio nos plasmaron la idea que ten\u00edamos y aportaron ideas que no se nos hubiesen ocurrido y han quedado genial. D\u00e1ndole un toque muy personal y exclusivo y mejor a\u00fan sin salirse del presupuesto. Con este tipo de reforma puedo decir que la calidad y garant\u00eda est\u00e1n aseguradas. Gracias por vuestro buen trabajo. Un saludo.<\/span><\/p>\n<p>[\/et_pb_testimonial][\/et_pb_column][et_pb_column type=\u00bb1_2&#8243; _builder_version=\u00bb4.16&#8243; custom_padding=\u00bb|||\u00bb global_colors_info=\u00bb{}\u00bb custom_padding__hover=\u00bb|||\u00bb][et_pb_testimonial author=\u00bbSusana M.\u00bb _builder_version=\u00bb4.23&#8243; body_font=\u00bb||||||||\u00bb body_font_size=\u00bb16px\u00bb body_line_height=\u00bb1.8em\u00bb background_color=\u00bbrgba(255,255,255,0.5)\u00bb custom_padding=\u00bb50px|50px|50px|50px|true|true\u00bb custom_padding_tablet=\u00bb\u00bb custom_padding_phone=\u00bb|24px||24px||true\u00bb custom_padding_last_edited=\u00bbon|phone\u00bb animation_style=\u00bbzoom\u00bb animation_intensity_zoom=\u00bb2%\u00bb box_shadow_style=\u00bbpreset1&#8243; box_shadow_color=\u00bbrgba(0,0,0,0.1)\u00bb locked=\u00bboff\u00bb global_colors_info=\u00bb{}\u00bb]<\/p>\n<p><span>Han convertido la casa de los horrores que compramos en un apartamento precioso, elegante y moderno, con una distribuci\u00f3n perfecta que aprovecha al m\u00e1ximo el espacio disponible. Hemos quedado encantados con su trabajo, calidad y buen gusto.<\/span><\/p>\n<p>[\/et_pb_testimonial][\/et_pb_column][\/et_pb_row][\/et_pb_section][et_pb_section fb_built=\u00bb1&#8243; admin_label=\u00bbFooter\u00bb _builder_version=\u00bb4.16&#8243; use_background_color_gradient=\u00bbon\u00bb background_color_gradient_type=\u00bbcircular\u00bb background_color_gradient_direction_radial=\u00bbtop left\u00bb background_color_gradient_stops=\u00bbrgba(0,0,0,0) 10%|rgba(0,0,0,0.75) 60%\u00bb background_color_gradient_overlays_image=\u00bbon\u00bb background_color_gradient_start=\u00bbrgba(0,0,0,0)\u00bb background_color_gradient_start_position=\u00bb10%\u00bb background_color_gradient_end=\u00bbrgba(0,0,0,0.75)\u00bb background_color_gradient_end_position=\u00bb60%\u00bb background_image=\u00bbhttps:\/\/reformascatalin.com\/wp-content\/uploads\/2024\/01\/electrician_22.jpg\u00bb custom_padding=\u00bb|||\u00bb global_colors_info=\u00bb{}\u00bb][et_pb_row _builder_version=\u00bb4.23&#8243; global_colors_info=\u00bb{}\u00bb][et_pb_column type=\u00bb4_4&#8243; _builder_version=\u00bb4.16&#8243; custom_padding=\u00bb|||\u00bb global_colors_info=\u00bb{}\u00bb custom_padding__hover=\u00bb|||\u00bb][et_pb_blurb title=\u00bbDirecci\u00f3n\u00bb use_icon=\u00bbon\u00bb font_icon=\u00bb&#xe081;||divi||400&#8243; icon_color=\u00bb#ccc500&#8243; icon_placement=\u00bbleft\u00bb image_icon_width=\u00bb22px\u00bb _builder_version=\u00bb4.23&#8243; header_font=\u00bbLibre Franklin|600|||||||\u00bb header_line_height=\u00bb1.4em\u00bb body_font=\u00bb||||||||\u00bb body_font_size=\u00bb16px\u00bb body_line_height=\u00bb1.8em\u00bb background_layout=\u00bbdark\u00bb animation=\u00bboff\u00bb icon_font_size=\u00bb22px\u00bb locked=\u00bboff\u00bb global_colors_info=\u00bb{}\u00bb]<\/p>\n<p>C\/Rafael Alberti 8-10<br \/>San Mateo de G\u00e1llego, 50840 ZARAGOZA<\/p>\n<p>[\/et_pb_blurb][et_pb_blurb title=\u00bbTel\u00e9fonos\u00bb use_icon=\u00bbon\u00bb font_icon=\u00bb&#xe090;||divi||400&#8243; icon_color=\u00bb#ccc500&#8243; icon_placement=\u00bbleft\u00bb image_icon_width=\u00bb22px\u00bb _builder_version=\u00bb4.23&#8243; header_font=\u00bbLibre Franklin|600|||||||\u00bb header_line_height=\u00bb1.4em\u00bb body_font=\u00bb||||||||\u00bb body_font_size=\u00bb16px\u00bb body_line_height=\u00bb1.8em\u00bb background_layout=\u00bbdark\u00bb custom_margin=\u00bb||-4px|||\u00bb animation=\u00bboff\u00bb icon_font_size=\u00bb22px\u00bb locked=\u00bboff\u00bb global_colors_info=\u00bb{}\u00bb]<\/p>\n<p>699 041 724<\/p>\n<p>643 705 658<\/p>\n<p>&nbsp;<\/p>\n<p>[\/et_pb_blurb][et_pb_blurb title=\u00bbEmail\u00bb use_icon=\u00bbon\u00bb font_icon=\u00bb&#xe076;||divi||400&#8243; icon_color=\u00bb#ccc500&#8243; icon_placement=\u00bbleft\u00bb image_icon_width=\u00bb22px\u00bb _builder_version=\u00bb4.23&#8243; header_font=\u00bbLibre Franklin|600|||||||\u00bb header_line_height=\u00bb1.4em\u00bb body_font=\u00bb||||||||\u00bb body_font_size=\u00bb16px\u00bb body_line_height=\u00bb1.8em\u00bb background_layout=\u00bbdark\u00bb custom_margin=\u00bb-9px|||||\u00bb custom_padding=\u00bb||31px|||\u00bb animation=\u00bboff\u00bb icon_font_size=\u00bb22px\u00bb locked=\u00bboff\u00bb global_colors_info=\u00bb{}\u00bb]<\/p>\n<p>Para solicitar informaci\u00f3n: <a href=\"mailto:info@reformascatalin.com\">info@reformascatalin.com<\/a><\/p>\n<p>Para gestiones administrativas: <a href=\"mailto:info@reformascatalin.com\">admin@reformascatalin.com<\/a><\/p>\n<p>[\/et_pb_blurb][\/et_pb_column][\/et_pb_row][\/et_pb_section]<\/p>\n","protected":false},"excerpt":{"rendered":"<p>Instalaci\u00f3n de suelos porcel\u00e1nicos de primera calidad.Instalaci\u00f3n de sue\u00f1os de tarima.Alicatado y rectificado de las paredes de tu ba\u00f1o o cocina.Hacemos perfectamente cualquier trabajo en pladur.Colocaci\u00f3n de papel pintado.Instalaci\u00f3n completa de paneles solares homologados..Cualquier urgencia o reforma del sistema el\u00e9ctrico lo acatamos sin problema.Trabajos de pintura interior o exterior, somos r\u00e1pidos y limpios..Ba\u00f1os, cocinas&#8230; Podemos [&hellip;]<\/p>\n","protected":false},"author":1,"featured_media":0,"parent":0,"menu_order":0,"comment_status":"closed","ping_status":"closed","template":"","meta":{"_et_pb_use_builder":"on","_et_pb_old_content":"","_et_gb_content_width":"","footnotes":""},"class_list":["post-20","page","type-page","status-publish","hentry"],"_links":{"self":[{"href":"https:\/\/reformascatalin.com\/index.php\/wp-json\/wp\/v2\/pages\/20","targetHints":{"allow":["GET"]}}],"collection":[{"href":"https:\/\/reformascatalin.com\/index.php\/wp-json\/wp\/v2\/pages"}],"about":[{"href":"https:\/\/reformascatalin.com\/index.php\/wp-json\/wp\/v2\/types\/page"}],"author":[{"embeddable":true,"href":"https:\/\/reformascatalin.com\/index.php\/wp-json\/wp\/v2\/users\/1"}],"replies":[{"embeddable":true,"href":"https:\/\/reformascatalin.com\/index.php\/wp-json\/wp\/v2\/comments?post=20"}],"version-history":[{"count":15,"href":"https:\/\/reformascatalin.com\/index.php\/wp-json\/wp\/v2\/pages\/20\/revisions"}],"predecessor-version":[{"id":63,"href":"https:\/\/reformascatalin.com\/index.php\/wp-json\/wp\/v2\/pages\/20\/revisions\/63"}],"wp:attachment":[{"href":"https:\/\/reformascatalin.com\/index.php\/wp-json\/wp\/v2\/media?parent=20"}],"curies":[{"name":"wp","href":"https:\/\/api.w.org\/{rel}","templated":true}]}}